{"id":28,"date":"2024-05-24T09:39:18","date_gmt":"2024-05-24T07:39:18","guid":{"rendered":"http:\/\/www.aumes.fr\/?page_id=28"},"modified":"2024-08-09T12:02:28","modified_gmt":"2024-08-09T10:02:28","slug":"tourisme","status":"publish","type":"page","link":"https:\/\/www.aumes.fr\/index.php\/tourisme\/","title":{"rendered":"Tourisme"},"content":{"rendered":"\t\t<div data-elementor-type=\"wp-page\" data-elementor-id=\"28\" class=\"elementor elementor-28\">\n\t\t\t\t<div class=\"elementor-element elementor-element-4f5520a e-flex e-con-boxed e-con e-parent\" data-id=\"4f5520a\" data-element_type=\"container\" data-e-type=\"container\">\n\t\t\t\t\t<div class=\"e-con-inner\">\n\t\t\t\t<div class=\"elementor-element elementor-element-94ac51c elementor-widget elementor-widget-spacer\" data-id=\"94ac51c\" data-element_type=\"widget\" data-e-type=\"widget\" data-widget_type=\"spacer.default\">\n\t\t\t\t<div class=\"elementor-widget-container\">\n\t\t\t\t\t\t\t<div class=\"elementor-spacer\">\n\t\t\t<div class=\"elementor-spacer-inner\"><\/div>\n\t\t<\/div>\n\t\t\t\t\t\t<\/div>\n\t\t\t\t<\/div>\n\t\t\t\t<div class=\"elementor-element elementor-element-adbe5e6 elementor-widget elementor-widget-heading\" data-id=\"adbe5e6\" data-element_type=\"widget\" data-e-type=\"widget\" data-widget_type=\"heading.default\">\n\t\t\t\t<div class=\"elementor-widget-container\">\n\t\t\t\t\t<h2 class=\"elementor-heading-title elementor-size-default\">Quelques id\u00e9es touristiques<\/h2>\t\t\t\t<\/div>\n\t\t\t\t<\/div>\n\t\t\t\t<div class=\"elementor-element elementor-element-54f0fea elementor-widget elementor-widget-spacer\" data-id=\"54f0fea\" data-element_type=\"widget\" data-e-type=\"widget\" data-widget_type=\"spacer.default\">\n\t\t\t\t<div class=\"elementor-widget-container\">\n\t\t\t\t\t\t\t<div class=\"elementor-spacer\">\n\t\t\t<div class=\"elementor-spacer-inner\"><\/div>\n\t\t<\/div>\n\t\t\t\t\t\t<\/div>\n\t\t\t\t<\/div>\n\t\t\t\t<div class=\"elementor-element elementor-element-b02b79c elementor-widget__width-initial elementor-widget elementor-widget-video\" data-id=\"b02b79c\" data-element_type=\"widget\" data-e-type=\"widget\" data-settings=\"{&quot;youtube_url&quot;:&quot;https:\\\/\\\/www.youtube.com\\\/watch?v=HY0TMRm6qkY&amp;list=PL9BXMlIb4pP_5_2hQ98kGtBdjROg5o4Z3&amp;t=20s&quot;,&quot;autoplay&quot;:&quot;yes&quot;,&quot;play_on_mobile&quot;:&quot;yes&quot;,&quot;video_type&quot;:&quot;youtube&quot;,&quot;controls&quot;:&quot;yes&quot;}\" data-widget_type=\"video.default\">\n\t\t\t\t<div class=\"elementor-widget-container\">\n\t\t\t\t\t\t\t<div class=\"elementor-wrapper elementor-open-inline\">\n\t\t\t<div class=\"elementor-video\"><\/div>\t\t<\/div>\n\t\t\t\t\t\t<\/div>\n\t\t\t\t<\/div>\n\t\t\t\t\t<\/div>\n\t\t\t\t<\/div>\n\t\t<div class=\"elementor-element elementor-element-b870123 e-flex e-con-boxed e-con e-parent\" data-id=\"b870123\" data-element_type=\"container\" data-e-type=\"container\">\n\t\t\t\t\t<div class=\"e-con-inner\">\n\t\t\t\t<div class=\"elementor-element elementor-element-4e443fc elementor-widget elementor-widget-text-editor\" data-id=\"4e443fc\" data-element_type=\"widget\" data-e-type=\"widget\" data-widget_type=\"text-editor.default\">\n\t\t\t\t<div class=\"elementor-widget-container\">\n\t\t\t\t\t\t\t\t\t<p><span style=\"color: #000000; font-family: PlusJakartaSans, Arial, Helvetica, sans-serif; font-size: 14px; font-style: normal; font-variant-ligatures: normal; font-variant-caps: normal;\">Elev\u00e9\u00a0sur les collines, entre les garrigues\u00a0parfum\u00e9es et la pin\u00e8de, le petit village\u00a0de Aumes domine la plaine de l&#8217;H\u00e9rault. Il repose au pied d&#8217;un oppidum, &#8220;Le Puech Balat&#8221;, fr\u00e9quent\u00e9 par plusieurs peuples du VII<\/span><span style=\"position: relative; font-size: 0.75em; line-height: 0; top: -0.5em; color: #000000; font-family: PlusJakartaSans, Arial, Helvetica, sans-serif; font-style: normal; font-variant-ligatures: normal; font-variant-caps: normal;\">e<\/span><span style=\"color: #000000; font-family: PlusJakartaSans, Arial, Helvetica, sans-serif; font-size: 14px; font-style: normal; font-variant-ligatures: normal; font-variant-caps: normal;\">\u00a0au I<\/span><span style=\"position: relative; font-size: 0.75em; line-height: 0; top: -0.5em; color: #000000; font-family: PlusJakartaSans, Arial, Helvetica, sans-serif; font-style: normal; font-variant-ligatures: normal; font-variant-caps: normal;\">er<\/span><span style=\"color: #000000; font-family: PlusJakartaSans, Arial, Helvetica, sans-serif; font-size: 14px; font-style: normal; font-variant-ligatures: normal; font-variant-caps: normal;\">\u00a0si\u00e8cle avant notre \u00e8re. Il \u00e9tait constitu\u00e9 des plateaux rocheux des &#8220;Mazes&#8221;, de &#8220;Saint-Auby&#8221; et de &#8220;Lico Castel&#8221;. Au cours des si\u00e8cles suivants, les habitats de hauteur seront abandonn\u00e9s au profit des sites plus bas ou ceux de\u00a0plaines. Une mutation qui a contribu\u00e9 selon toute vraisemblance \u00e0 la formation du village actuel.\u00a0Un petit mus\u00e9e arch\u00e9ologique passionnant permettra d&#8217;aborder cette riche histoire de mani\u00e8re p\u00e9dagogique\u00a0et captivante. La suite se d\u00e9couvrira au coeur\u00a0du village, \u00e0 l&#8217;approche de la chapelle Notre-Dame (ancienne chapelle Castrale du XIII<\/span><span style=\"position: relative; font-size: 0.75em; line-height: 0; top: -0.5em; color: #000000; font-family: PlusJakartaSans, Arial, Helvetica, sans-serif; font-style: normal; font-variant-ligatures: normal; font-variant-caps: normal;\">e<\/span><span style=\"color: #000000; font-family: PlusJakartaSans, Arial, Helvetica, sans-serif; font-size: 14px; font-style: normal; font-variant-ligatures: normal; font-variant-caps: normal;\">\u00a0si\u00e8cle, qui s&#8217;est aussi appel\u00e9e Saint-Pierre) situ\u00e9e sur la place du village, des deux ch\u00e2teaux et des vignes. Pensez \u00e0 prendre de la hauteur, le panorama\u00a0sur les garrigues, les pin\u00e8des et le vignoble est saisissant. Point de vue \u00e9galement sur le Ch\u00e2teau de Marennes avec son vignoble.<\/span><\/p>\t\t\t\t\t\t\t\t<\/div>\n\t\t\t\t<\/div>\n\t\t\t\t\t<\/div>\n\t\t\t\t<\/div>\n\t\t<div class=\"elementor-element elementor-element-c218661 e-flex e-con-boxed e-con e-parent\" data-id=\"c218661\" data-element_type=\"container\" data-e-type=\"container\">\n\t\t\t\t\t<div class=\"e-con-inner\">\n\t\t<div class=\"elementor-element elementor-element-9743476 e-con-full e-flex e-con e-child\" data-id=\"9743476\" data-element_type=\"container\" data-e-type=\"container\">\n\t\t\t\t<div class=\"elementor-element elementor-element-50ea64e elementor-position-top elementor-widget elementor-widget-image-box\" data-id=\"50ea64e\" data-element_type=\"widget\" data-e-type=\"widget\" data-widget_type=\"image-box.default\">\n\t\t\t\t<div class=\"elementor-widget-container\">\n\t\t\t\t\t<div class=\"elementor-image-box-wrapper\"><figure class=\"elementor-image-box-img\"><img fetchpriority=\"high\" decoding=\"async\" width=\"885\" height=\"500\" src=\"https:\/\/www.aumes.fr\/wp-content\/uploads\/2024\/08\/pas-du-lievre.jpg\" class=\"attachment-full size-full wp-image-1819\" alt=\"\" srcset=\"https:\/\/www.aumes.fr\/wp-content\/uploads\/2024\/08\/pas-du-lievre.jpg 885w, https:\/\/www.aumes.fr\/wp-content\/uploads\/2024\/08\/pas-du-lievre-300x169.jpg 300w, https:\/\/www.aumes.fr\/wp-content\/uploads\/2024\/08\/pas-du-lievre-768x434.jpg 768w\" sizes=\"(max-width: 885px) 100vw, 885px\" \/><\/figure><div class=\"elementor-image-box-content\"><h3 class=\"elementor-image-box-title\">Sentier du pas du li\u00e8vre<\/h3><p class=\"elementor-image-box-description\">Nul obligation de courir comme un lapin sur ce sentier, au contraire profitez en vous baladant d'une richesse naturelle et historique dans ce petit coin de garrigue.<\/p><\/div><\/div>\t\t\t\t<\/div>\n\t\t\t\t<\/div>\n\t\t\t\t<\/div>\n\t\t<div class=\"elementor-element elementor-element-34d1bac e-con-full e-flex e-con e-child\" data-id=\"34d1bac\" data-element_type=\"container\" data-e-type=\"container\">\n\t\t\t\t<div class=\"elementor-element elementor-element-1e3faaf elementor-position-top elementor-widget elementor-widget-image-box\" data-id=\"1e3faaf\" data-element_type=\"widget\" data-e-type=\"widget\" data-widget_type=\"image-box.default\">\n\t\t\t\t<div class=\"elementor-widget-container\">\n\t\t\t\t\t<div class=\"elementor-image-box-wrapper\"><figure class=\"elementor-image-box-img\"><img decoding=\"async\" width=\"331\" height=\"200\" src=\"https:\/\/www.aumes.fr\/wp-content\/uploads\/2024\/08\/sentier-des-parredous.jpg\" class=\"attachment-full size-full wp-image-1820\" alt=\"\" srcset=\"https:\/\/www.aumes.fr\/wp-content\/uploads\/2024\/08\/sentier-des-parredous.jpg 331w, https:\/\/www.aumes.fr\/wp-content\/uploads\/2024\/08\/sentier-des-parredous-300x181.jpg 300w\" sizes=\"(max-width: 331px) 100vw, 331px\" \/><\/figure><div class=\"elementor-image-box-content\"><h3 class=\"elementor-image-box-title\">Sentier des Parredous<\/h3><p class=\"elementor-image-box-description\">Une randonn\u00e9e pour admirer la plaine pisc\u00e9noise et la garrigue aumoise.<\/p><\/div><\/div>\t\t\t\t<\/div>\n\t\t\t\t<\/div>\n\t\t\t\t<\/div>\n\t\t\t\t\t<\/div>\n\t\t\t\t<\/div>\n\t\t<div class=\"elementor-element elementor-element-f2e1397 e-flex e-con-boxed e-con e-parent\" data-id=\"f2e1397\" data-element_type=\"container\" data-e-type=\"container\">\n\t\t\t\t\t<div class=\"e-con-inner\">\n\t\t<div class=\"elementor-element elementor-element-8f664a0 e-con-full e-flex e-con e-child\" data-id=\"8f664a0\" data-element_type=\"container\" data-e-type=\"container\">\n\t\t\t\t<div class=\"elementor-element elementor-element-98ad3ef elementor-position-top elementor-widget elementor-widget-image-box\" data-id=\"98ad3ef\" data-element_type=\"widget\" data-e-type=\"widget\" data-widget_type=\"image-box.default\">\n\t\t\t\t<div class=\"elementor-widget-container\">\n\t\t\t\t\t<div class=\"elementor-image-box-wrapper\"><figure class=\"elementor-image-box-img\"><img decoding=\"async\" width=\"2560\" height=\"1227\" src=\"https:\/\/www.aumes.fr\/wp-content\/uploads\/2024\/08\/st-martin-de-grave-2-scaled.jpg\" class=\"attachment-full size-full wp-image-1827\" alt=\"\" srcset=\"https:\/\/www.aumes.fr\/wp-content\/uploads\/2024\/08\/st-martin-de-grave-2-scaled.jpg 2560w, https:\/\/www.aumes.fr\/wp-content\/uploads\/2024\/08\/st-martin-de-grave-2-300x144.jpg 300w, https:\/\/www.aumes.fr\/wp-content\/uploads\/2024\/08\/st-martin-de-grave-2-1024x491.jpg 1024w, https:\/\/www.aumes.fr\/wp-content\/uploads\/2024\/08\/st-martin-de-grave-2-768x368.jpg 768w, https:\/\/www.aumes.fr\/wp-content\/uploads\/2024\/08\/st-martin-de-grave-2-1536x736.jpg 1536w, https:\/\/www.aumes.fr\/wp-content\/uploads\/2024\/08\/st-martin-de-grave-2-2048x982.jpg 2048w\" sizes=\"(max-width: 2560px) 100vw, 2560px\" \/><\/figure><div class=\"elementor-image-box-content\"><h3 class=\"elementor-image-box-title\">Vignoble St Martin de Grave<\/h3><p class=\"elementor-image-box-description\">Le ch\u00e2teau St Martin de graves est situ\u00e9 au coeur des vignes.\nLongez le chemin, admirez le et terminez par le caveau de d\u00e9gustation. <br>Les vins du Ch\u00e2teau Saint-Martin de Graves conjuguent la douceur du climat m\u00e9diterran\u00e9en et la complexit\u00e9 aromatique de la garrigue.<\/p><\/div><\/div>\t\t\t\t<\/div>\n\t\t\t\t<\/div>\n\t\t\t\t<\/div>\n\t\t<div class=\"elementor-element elementor-element-3d20288 e-con-full e-flex e-con e-child\" data-id=\"3d20288\" data-element_type=\"container\" data-e-type=\"container\">\n\t\t\t\t<div class=\"elementor-element elementor-element-0b6e278 elementor-position-top elementor-widget elementor-widget-image-box\" data-id=\"0b6e278\" data-element_type=\"widget\" data-e-type=\"widget\" data-widget_type=\"image-box.default\">\n\t\t\t\t<div class=\"elementor-widget-container\">\n\t\t\t\t\t<div class=\"elementor-image-box-wrapper\"><figure class=\"elementor-image-box-img\"><img decoding=\"async\" src=\"https:\/\/www.aumes.fr\/wp-content\/plugins\/elementor\/assets\/images\/placeholder.png\" title=\"\" alt=\"\" loading=\"lazy\" \/><\/figure><div class=\"elementor-image-box-content\"><h3 class=\"elementor-image-box-title\">Ceci est le titre<\/h3><p class=\"elementor-image-box-description\">Lorem ipsum dolor sit amet, consectetur adipiscing elit. Ut elit tellus, luctus nec ullamcorper mattis, pulvinar dapibus leo.<\/p><\/div><\/div>\t\t\t\t<\/div>\n\t\t\t\t<\/div>\n\t\t\t\t<\/div>\n\t\t\t\t\t<\/div>\n\t\t\t\t<\/div>\n\t\t\t\t<\/div>\n\t\t","protected":false},"excerpt":{"rendered":"<p>Quelques id\u00e9es touristiques https:\/\/www.youtube.com\/watch?v=HY0TMRm6qkY&#038;list=PL9BXMlIb4pP_5_2hQ98kGtBdjROg5o4Z3&#038;t=20s Elev\u00e9\u00a0sur les collines, entre les garrigues\u00a0parfum\u00e9es et la pin\u00e8de, le petit village\u00a0de Aumes domine la plaine de l&#8217;H\u00e9rault. Il repose au pied d&#8217;un oppidum, &#8220;Le Puech Balat&#8221;, fr\u00e9quent\u00e9 par plusieurs peuples du VIIe\u00a0au Ier\u00a0si\u00e8cle avant notre \u00e8re. Il \u00e9tait constitu\u00e9 des plateaux rocheux des &#8220;Mazes&#8221;, de &#8220;Saint-Auby&#8221; et de &#8220;Lico Castel&#8221;. [&hellip;]<\/p>\n","protected":false},"author":1,"featured_media":0,"parent":0,"menu_order":0,"comment_status":"closed","ping_status":"closed","template":"","meta":{"ocean_post_layout":"","ocean_both_sidebars_style":"","ocean_both_sidebars_content_width":0,"ocean_both_sidebars_sidebars_width":0,"ocean_sidebar":"","ocean_second_sidebar":"","ocean_disable_margins":"enable","ocean_add_body_class":"","ocean_shortcode_before_top_bar":"","ocean_shortcode_after_top_bar":"","ocean_shortcode_before_header":"","ocean_shortcode_after_header":"","ocean_has_shortcode":"","ocean_shortcode_after_title":"","ocean_shortcode_before_footer_widgets":"","ocean_shortcode_after_footer_widgets":"","ocean_shortcode_before_footer_bottom":"","ocean_shortcode_after_footer_bottom":"","ocean_display_top_bar":"default","ocean_display_header":"default","ocean_header_style":"","ocean_center_header_left_menu":"","ocean_custom_header_template":"","ocean_custom_logo":0,"ocean_custom_retina_logo":0,"ocean_custom_logo_max_width":0,"ocean_custom_logo_tablet_max_width":0,"ocean_custom_logo_mobile_max_width":0,"ocean_custom_logo_max_height":0,"ocean_custom_logo_tablet_max_height":0,"ocean_custom_logo_mobile_max_height":0,"ocean_header_custom_menu":"","ocean_menu_typo_font_family":"","ocean_menu_typo_font_subset":"","ocean_menu_typo_font_size":0,"ocean_menu_typo_font_size_tablet":0,"ocean_menu_typo_font_size_mobile":0,"ocean_menu_typo_font_size_unit":"px","ocean_menu_typo_font_weight":"","ocean_menu_typo_font_weight_tablet":"","ocean_menu_typo_font_weight_mobile":"","ocean_menu_typo_transform":"","ocean_menu_typo_transform_tablet":"","ocean_menu_typo_transform_mobile":"","ocean_menu_typo_line_height":0,"ocean_menu_typo_line_height_tablet":0,"ocean_menu_typo_line_height_mobile":0,"ocean_menu_typo_line_height_unit":"","ocean_menu_typo_spacing":0,"ocean_menu_typo_spacing_tablet":0,"ocean_menu_typo_spacing_mobile":0,"ocean_menu_typo_spacing_unit":"","ocean_menu_link_color":"","ocean_menu_link_color_hover":"","ocean_menu_link_color_active":"","ocean_menu_link_background":"","ocean_menu_link_hover_background":"","ocean_menu_link_active_background":"","ocean_menu_social_links_bg":"","ocean_menu_social_hover_links_bg":"","ocean_menu_social_links_color":"","ocean_menu_social_hover_links_color":"","ocean_disable_title":"default","ocean_disable_heading":"default","ocean_post_title":"","ocean_post_subheading":"","ocean_post_title_style":"","ocean_post_title_background_color":"","ocean_post_title_background":0,"ocean_post_title_bg_image_position":"","ocean_post_title_bg_image_attachment":"","ocean_post_title_bg_image_repeat":"","ocean_post_title_bg_image_size":"","ocean_post_title_height":0,"ocean_post_title_bg_overlay":0.5,"ocean_post_title_bg_overlay_color":"","ocean_disable_breadcrumbs":"default","ocean_breadcrumbs_color":"","ocean_breadcrumbs_separator_color":"","ocean_breadcrumbs_links_color":"","ocean_breadcrumbs_links_hover_color":"","ocean_display_footer_widgets":"default","ocean_display_footer_bottom":"default","ocean_custom_footer_template":"","footnotes":""},"class_list":["post-28","page","type-page","status-publish","hentry","entry"],"yoast_head":"<!-- This site is optimized with the Yoast SEO plugin v27.5 - https:\/\/yoast.com\/product\/yoast-seo-wordpress\/ -->\n<title>Tourisme - Mairie de Aumes<\/title>\n<meta name=\"description\" content=\"Bienvenue sur le site officiel de la Mairie de Aumes, informations et nouvelles du village dominant la vall\u00e9e de l&#039;H\u00e9rault.\" \/>\n<meta name=\"robots\" content=\"index, follow, max-snippet:-1, max-image-preview:large, max-video-preview:-1\" \/>\n<link rel=\"canonical\" href=\"https:\/\/www.aumes.fr\/index.php\/tourisme\/\" \/>\n<meta property=\"og:locale\" content=\"en_US\" \/>\n<meta property=\"og:type\" content=\"article\" \/>\n<meta property=\"og:title\" content=\"Tourisme - Mairie de Aumes\" \/>\n<meta property=\"og:description\" content=\"Bienvenue sur le site officiel de la Mairie de Aumes, informations et nouvelles du village dominant la vall\u00e9e de l&#039;H\u00e9rault.\" \/>\n<meta property=\"og:url\" content=\"https:\/\/www.aumes.fr\/index.php\/tourisme\/\" \/>\n<meta property=\"og:site_name\" content=\"Mairie de Aumes\" \/>\n<meta property=\"article:modified_time\" content=\"2024-08-09T10:02:28+00:00\" \/>\n<meta property=\"og:image\" content=\"http:\/\/www.aumes.fr\/wp-content\/uploads\/2024\/08\/pas-du-lievre.jpg\" \/>\n<meta name=\"twitter:card\" content=\"summary_large_image\" \/>\n<meta name=\"twitter:label1\" content=\"Est. reading time\" \/>\n\t<meta name=\"twitter:data1\" content=\"3 minutes\" \/>\n<script type=\"application\/ld+json\" class=\"yoast-schema-graph\">{\"@context\":\"https:\\\/\\\/schema.org\",\"@graph\":[{\"@type\":\"WebPage\",\"@id\":\"https:\\\/\\\/www.aumes.fr\\\/index.php\\\/tourisme\\\/\",\"url\":\"https:\\\/\\\/www.aumes.fr\\\/index.php\\\/tourisme\\\/\",\"name\":\"Tourisme - Mairie de Aumes\",\"isPartOf\":{\"@id\":\"http:\\\/\\\/www.aumes.fr\\\/#website\"},\"primaryImageOfPage\":{\"@id\":\"https:\\\/\\\/www.aumes.fr\\\/index.php\\\/tourisme\\\/#primaryimage\"},\"image\":{\"@id\":\"https:\\\/\\\/www.aumes.fr\\\/index.php\\\/tourisme\\\/#primaryimage\"},\"thumbnailUrl\":\"http:\\\/\\\/www.aumes.fr\\\/wp-content\\\/uploads\\\/2024\\\/08\\\/pas-du-lievre.jpg\",\"datePublished\":\"2024-05-24T07:39:18+00:00\",\"dateModified\":\"2024-08-09T10:02:28+00:00\",\"description\":\"Bienvenue sur le site officiel de la Mairie de Aumes, informations et nouvelles du village dominant la vall\u00e9e de l'H\u00e9rault.\",\"breadcrumb\":{\"@id\":\"https:\\\/\\\/www.aumes.fr\\\/index.php\\\/tourisme\\\/#breadcrumb\"},\"inLanguage\":\"en-US\",\"potentialAction\":[{\"@type\":\"ReadAction\",\"target\":[\"https:\\\/\\\/www.aumes.fr\\\/index.php\\\/tourisme\\\/\"]}]},{\"@type\":\"ImageObject\",\"inLanguage\":\"en-US\",\"@id\":\"https:\\\/\\\/www.aumes.fr\\\/index.php\\\/tourisme\\\/#primaryimage\",\"url\":\"https:\\\/\\\/www.aumes.fr\\\/wp-content\\\/uploads\\\/2024\\\/08\\\/pas-du-lievre.jpg\",\"contentUrl\":\"https:\\\/\\\/www.aumes.fr\\\/wp-content\\\/uploads\\\/2024\\\/08\\\/pas-du-lievre.jpg\",\"width\":885,\"height\":500},{\"@type\":\"BreadcrumbList\",\"@id\":\"https:\\\/\\\/www.aumes.fr\\\/index.php\\\/tourisme\\\/#breadcrumb\",\"itemListElement\":[{\"@type\":\"ListItem\",\"position\":1,\"name\":\"Accueil\",\"item\":\"http:\\\/\\\/www.aumes.fr\\\/\"},{\"@type\":\"ListItem\",\"position\":2,\"name\":\"Tourisme\"}]},{\"@type\":\"WebSite\",\"@id\":\"http:\\\/\\\/www.aumes.fr\\\/#website\",\"url\":\"http:\\\/\\\/www.aumes.fr\\\/\",\"name\":\"Mairie de Aumes\",\"description\":\"Bienvenue sur le site officiel de la Mairie de Aumes, informations et nouvelles du village dominant la vall\u00e9e de l&#039;H\u00e9rault.\",\"publisher\":{\"@id\":\"http:\\\/\\\/www.aumes.fr\\\/#organization\"},\"potentialAction\":[{\"@type\":\"SearchAction\",\"target\":{\"@type\":\"EntryPoint\",\"urlTemplate\":\"http:\\\/\\\/www.aumes.fr\\\/?s={search_term_string}\"},\"query-input\":{\"@type\":\"PropertyValueSpecification\",\"valueRequired\":true,\"valueName\":\"search_term_string\"}}],\"inLanguage\":\"en-US\"},{\"@type\":\"Organization\",\"@id\":\"http:\\\/\\\/www.aumes.fr\\\/#organization\",\"name\":\"Mairie de Aumes\",\"url\":\"http:\\\/\\\/www.aumes.fr\\\/\",\"logo\":{\"@type\":\"ImageObject\",\"inLanguage\":\"en-US\",\"@id\":\"http:\\\/\\\/www.aumes.fr\\\/#\\\/schema\\\/logo\\\/image\\\/\",\"url\":\"https:\\\/\\\/www.aumes.fr\\\/wp-content\\\/uploads\\\/2024\\\/08\\\/cropped-20220624-logo-Aumes.png\",\"contentUrl\":\"https:\\\/\\\/www.aumes.fr\\\/wp-content\\\/uploads\\\/2024\\\/08\\\/cropped-20220624-logo-Aumes.png\",\"width\":436,\"height\":480,\"caption\":\"Mairie de Aumes\"},\"image\":{\"@id\":\"http:\\\/\\\/www.aumes.fr\\\/#\\\/schema\\\/logo\\\/image\\\/\"}}]}<\/script>\n<!-- \/ Yoast SEO plugin. -->","yoast_head_json":{"title":"Tourisme - Mairie de Aumes","description":"Bienvenue sur le site officiel de la Mairie de Aumes, informations et nouvelles du village dominant la vall\u00e9e de l'H\u00e9rault.","robots":{"index":"index","follow":"follow","max-snippet":"max-snippet:-1","max-image-preview":"max-image-preview:large","max-video-preview":"max-video-preview:-1"},"canonical":"https:\/\/www.aumes.fr\/index.php\/tourisme\/","og_locale":"en_US","og_type":"article","og_title":"Tourisme - Mairie de Aumes","og_description":"Bienvenue sur le site officiel de la Mairie de Aumes, informations et nouvelles du village dominant la vall\u00e9e de l'H\u00e9rault.","og_url":"https:\/\/www.aumes.fr\/index.php\/tourisme\/","og_site_name":"Mairie de Aumes","article_modified_time":"2024-08-09T10:02:28+00:00","og_image":[{"url":"http:\/\/www.aumes.fr\/wp-content\/uploads\/2024\/08\/pas-du-lievre.jpg","type":"","width":"","height":""}],"twitter_card":"summary_large_image","twitter_misc":{"Est. reading time":"3 minutes"},"schema":{"@context":"https:\/\/schema.org","@graph":[{"@type":"WebPage","@id":"https:\/\/www.aumes.fr\/index.php\/tourisme\/","url":"https:\/\/www.aumes.fr\/index.php\/tourisme\/","name":"Tourisme - Mairie de Aumes","isPartOf":{"@id":"http:\/\/www.aumes.fr\/#website"},"primaryImageOfPage":{"@id":"https:\/\/www.aumes.fr\/index.php\/tourisme\/#primaryimage"},"image":{"@id":"https:\/\/www.aumes.fr\/index.php\/tourisme\/#primaryimage"},"thumbnailUrl":"http:\/\/www.aumes.fr\/wp-content\/uploads\/2024\/08\/pas-du-lievre.jpg","datePublished":"2024-05-24T07:39:18+00:00","dateModified":"2024-08-09T10:02:28+00:00","description":"Bienvenue sur le site officiel de la Mairie de Aumes, informations et nouvelles du village dominant la vall\u00e9e de l'H\u00e9rault.","breadcrumb":{"@id":"https:\/\/www.aumes.fr\/index.php\/tourisme\/#breadcrumb"},"inLanguage":"en-US","potentialAction":[{"@type":"ReadAction","target":["https:\/\/www.aumes.fr\/index.php\/tourisme\/"]}]},{"@type":"ImageObject","inLanguage":"en-US","@id":"https:\/\/www.aumes.fr\/index.php\/tourisme\/#primaryimage","url":"https:\/\/www.aumes.fr\/wp-content\/uploads\/2024\/08\/pas-du-lievre.jpg","contentUrl":"https:\/\/www.aumes.fr\/wp-content\/uploads\/2024\/08\/pas-du-lievre.jpg","width":885,"height":500},{"@type":"BreadcrumbList","@id":"https:\/\/www.aumes.fr\/index.php\/tourisme\/#breadcrumb","itemListElement":[{"@type":"ListItem","position":1,"name":"Accueil","item":"http:\/\/www.aumes.fr\/"},{"@type":"ListItem","position":2,"name":"Tourisme"}]},{"@type":"WebSite","@id":"http:\/\/www.aumes.fr\/#website","url":"http:\/\/www.aumes.fr\/","name":"Mairie de Aumes","description":"Bienvenue sur le site officiel de la Mairie de Aumes, informations et nouvelles du village dominant la vall\u00e9e de l&#039;H\u00e9rault.","publisher":{"@id":"http:\/\/www.aumes.fr\/#organization"},"potentialAction":[{"@type":"SearchAction","target":{"@type":"EntryPoint","urlTemplate":"http:\/\/www.aumes.fr\/?s={search_term_string}"},"query-input":{"@type":"PropertyValueSpecification","valueRequired":true,"valueName":"search_term_string"}}],"inLanguage":"en-US"},{"@type":"Organization","@id":"http:\/\/www.aumes.fr\/#organization","name":"Mairie de Aumes","url":"http:\/\/www.aumes.fr\/","logo":{"@type":"ImageObject","inLanguage":"en-US","@id":"http:\/\/www.aumes.fr\/#\/schema\/logo\/image\/","url":"https:\/\/www.aumes.fr\/wp-content\/uploads\/2024\/08\/cropped-20220624-logo-Aumes.png","contentUrl":"https:\/\/www.aumes.fr\/wp-content\/uploads\/2024\/08\/cropped-20220624-logo-Aumes.png","width":436,"height":480,"caption":"Mairie de Aumes"},"image":{"@id":"http:\/\/www.aumes.fr\/#\/schema\/logo\/image\/"}}]}},"_links":{"self":[{"href":"https:\/\/www.aumes.fr\/index.php\/wp-json\/wp\/v2\/pages\/28","targetHints":{"allow":["GET"]}}],"collection":[{"href":"https:\/\/www.aumes.fr\/index.php\/wp-json\/wp\/v2\/pages"}],"about":[{"href":"https:\/\/www.aumes.fr\/index.php\/wp-json\/wp\/v2\/types\/page"}],"author":[{"embeddable":true,"href":"https:\/\/www.aumes.fr\/index.php\/wp-json\/wp\/v2\/users\/1"}],"replies":[{"embeddable":true,"href":"https:\/\/www.aumes.fr\/index.php\/wp-json\/wp\/v2\/comments?post=28"}],"version-history":[{"count":37,"href":"https:\/\/www.aumes.fr\/index.php\/wp-json\/wp\/v2\/pages\/28\/revisions"}],"predecessor-version":[{"id":1842,"href":"https:\/\/www.aumes.fr\/index.php\/wp-json\/wp\/v2\/pages\/28\/revisions\/1842"}],"wp:attachment":[{"href":"https:\/\/www.aumes.fr\/index.php\/wp-json\/wp\/v2\/media?parent=28"}],"curies":[{"name":"wp","href":"https:\/\/api.w.org\/{rel}","templated":true}]}}